{"id":24,"date":"2016-07-18T00:39:07","date_gmt":"2016-07-18T00:39:07","guid":{"rendered":"http:\/\/sw-themes.com\/porto_dummy\/?page_id=24"},"modified":"2024-04-02T17:52:57","modified_gmt":"2024-04-02T17:52:57","slug":"company","status":"publish","type":"page","link":"http:\/\/adameslockwardal.com.previewc75.carrierzone.com\/?page_id=24","title":{"rendered":"Nosotros"},"content":{"rendered":"\t\t<div data-elementor-type=\"wp-page\" data-elementor-id=\"24\" class=\"elementor elementor-24\">\n\t\t\t\t\t\t<section class=\"elementor-section elementor-top-section elementor-element elementor-element-183013a m-t-n pt-2 elementor-section-boxed elementor-section-height-default elementor-section-height-default elementor-invisible\" data-id=\"183013a\" data-element_type=\"section\" data-settings=\"{&quot;animation&quot;:&quot;fadeInUp&quot;,&quot;animation_delay&quot;:1000}\">\r\n\t\t\r\n\t\t\t\t\t\t\t<div class=\"elementor-container elementor-column-gap-default\">\r\n\t\t\t\t\t\t\t\t\t\t\t<div class=\"elementor-column elementor-col-100 elementor-top-column elementor-element elementor-element-eaa7290\" data-id=\"eaa7290\" data-element_type=\"column\">\r\n\t\t\t\t\t<div class=\"elementor-widget-wrap elementor-element-populated\">\r\n\t\t\t\t\t\t\t\t<div class=\"elementor-element elementor-element-915629e mb-4 elementor-widget elementor-widget-heading\" data-id=\"915629e\" data-element_type=\"widget\" id=\"who-we-are\" data-widget_type=\"heading.default\">\n\t\t\t\t<div class=\"elementor-widget-container\">\n\t\t\t<style>\/*! elementor - v3.20.0 - 26-03-2024 *\/\n.elementor-heading-title{padding:0;margin:0;line-height:1}.elementor-widget-heading .elementor-heading-title[class*=elementor-size-]>a{color:inherit;font-size:inherit;line-height:inherit}.elementor-widget-heading .elementor-heading-title.elementor-size-small{font-size:15px}.elementor-widget-heading .elementor-heading-title.elementor-size-medium{font-size:19px}.elementor-widget-heading .elementor-heading-title.elementor-size-large{font-size:29px}.elementor-widget-heading .elementor-heading-title.elementor-size-xl{font-size:39px}.elementor-widget-heading .elementor-heading-title.elementor-size-xxl{font-size:59px}<\/style><h2 class=\"elementor-heading-title elementor-size-default\">Quienes somos<\/h2>\t\t<\/div>\n\t\t\t\t<\/div>\n\t\t\t\t<div class=\"elementor-element elementor-element-887d420 mb-4 elementor-widget elementor-widget-heading\" data-id=\"887d420\" data-element_type=\"widget\" data-widget_type=\"heading.default\">\n\t\t\t\t<div class=\"elementor-widget-container\">\n\t\t\t<p class=\"elementor-heading-title elementor-size-default\">ADAMES LOCKWARD E.I.R.L.\n   <\/p>\t\t<\/div>\n\t\t\t\t<\/div>\n\t\t\t\t<div class=\"elementor-element elementor-element-c9863d1 mb-0 elementor-widget elementor-widget-text-editor\" data-id=\"c9863d1\" data-element_type=\"widget\" data-widget_type=\"text-editor.default\">\n\t\t\t\t<div class=\"elementor-widget-container\">\n\t\t\t<style>\/*! elementor - v3.20.0 - 26-03-2024 *\/\n.elementor-widget-text-editor.elementor-drop-cap-view-stacked .elementor-drop-cap{background-color:#69727d;color:#fff}.elementor-widget-text-editor.elementor-drop-cap-view-framed .elementor-drop-cap{color:#69727d;border:3px solid;background-color:transparent}.elementor-widget-text-editor:not(.elementor-drop-cap-view-default) .elementor-drop-cap{margin-top:8px}.elementor-widget-text-editor:not(.elementor-drop-cap-view-default) .elementor-drop-cap-letter{width:1em;height:1em}.elementor-widget-text-editor .elementor-drop-cap{float:left;text-align:center;line-height:1;font-size:50px}.elementor-widget-text-editor .elementor-drop-cap-letter{display:inline-block}<\/style>\t\t\t\t<p>Somos una empresa conformada con el objetivo de prestar todos los servicios necesarios para la gesti\u00f3n integral de proyectos arquitect\u00f3nicos y de construcci\u00f3n, edificaci\u00f3n y urbanizaci\u00f3n.<br \/>Nuestra trayectoria en el mercado del dise\u00f1o y constructivos, se ha destacado por el desarrollo de proyectos con pulcritud y cumpliendo todas las necesidades de nuestros clientes.<\/p>\t\t\t\t\t\t<\/div>\n\t\t\t\t<\/div>\n\t\t\t\t<div class=\"elementor-element elementor-element-553044f mb-4 elementor-widget elementor-widget-heading\" data-id=\"553044f\" data-element_type=\"widget\" data-widget_type=\"heading.default\">\n\t\t\t\t<div class=\"elementor-widget-container\">\n\t\t\t<p class=\"elementor-heading-title elementor-size-default\">LINEAMIENTO EMPRESARIAL   <\/p>\t\t<\/div>\n\t\t\t\t<\/div>\n\t\t\t\t<div class=\"elementor-element elementor-element-ddbaa6e elementor-widget elementor-widget-porto_steps\" data-id=\"ddbaa6e\" data-element_type=\"widget\" data-widget_type=\"porto_steps.default\">\n\t\t\t\t<div class=\"elementor-widget-container\">\n\t\t\t<section class=\"timeline\"><div class=\"timeline-body\"><div class=\"timeline-date\"><h3 class=\"time-text step-item-subtitle\">VISION<\/h3><\/div><article class=\"timeline-box left\"><div><img decoding=\"async\" src=\"\/\/adameslockwardal.com.previewc75.carrierzone.com\/wp-content\/uploads\/2024\/03\/0H4A2423-scaled.jpg\" class=\"img-responsive\" alt=\"\"><h4 class=\"timeline-item-title step-item-title\"><\/h4><div class=\"timeline-item-content\">Posicionarnos en el mercado del disen\u0303o arquitecto\u0301nico y constructivo como la mejor empresa para desarrollar de forma integral proyectos inmobiliarios; garantizando la satisfaccio\u0301n de nuestros clientes, por medio de nuestro sistema de planificacio\u0301n, desarrollo, calidad y terminacio\u0301n para nuestros proyectos.\n\n<\/div><\/div><\/article><div class=\"timeline-date\"><h3 class=\"time-text step-item-subtitle\">OBJETIVOS<\/h3><\/div><article class=\"timeline-box right\"><div><img decoding=\"async\" src=\"\/\/adameslockwardal.com.previewc75.carrierzone.com\/wp-content\/uploads\/2024\/03\/0H4A2318-scaled.jpg\" class=\"img-responsive\" alt=\"\"><h4 class=\"timeline-item-title step-item-title\"><\/h4><div class=\"timeline-item-content\">Simplificar las necesidades arquitecto\u0301nicas y constructivas que presentan los proyectos de nuestros clientes; facilitando las soluciones de disen\u0303o y construccio\u0301n con el fin de obtener un desarrollo integral con todos los servicios requeridos por dichos proyectos.<\/div><\/div><\/article><div class=\"timeline-date\"><h3 class=\"time-text step-item-subtitle\">MISION<\/h3><\/div><article class=\"timeline-box left\"><div><img decoding=\"async\" src=\"\/\/adameslockwardal.com.previewc75.carrierzone.com\/wp-content\/uploads\/2024\/03\/0H4A2348-scaled.jpg\" class=\"img-responsive\" alt=\"\"><h4 class=\"timeline-item-title step-item-title\"><\/h4><div class=\"timeline-item-content\">Es nuestro compromiso personal ofrecer a nuestros clientes un producto y\/o servicio de alta calidad, cuidando todos los detalles. para obtener el mejor de los resultados y la satisfaccio\u0301n de nuestros inversionistas. Con nuestra experiencia le ofrecemos a nuestros inversores una atencio\u0301n personaliza para las necesidades de sus proyectos particulares; garantizamos esto con el conocimiento y practica de nuestros profesionales<\/div><\/div><\/article><\/div><\/section>\t\t<\/div>\n\t\t\t\t<\/div>\n\t\t\t\t<div class=\"elementor-element elementor-element-60c11d3 m-t-xl mb-4 elementor-widget elementor-widget-heading\" data-id=\"60c11d3\" data-element_type=\"widget\" data-widget_type=\"heading.default\">\n\t\t\t\t<div class=\"elementor-widget-container\">\n\t\t\t<h2 class=\"elementor-heading-title elementor-size-default\">Historia<\/h2>\t\t<\/div>\n\t\t\t\t<\/div>\n\t\t\t\t<div class=\"elementor-section elementor-inner-section elementor-element elementor-element-14cadee mb-5 elementor-section-boxed elementor-section-height-default elementor-section-height-default\" data-id=\"14cadee\" data-element_type=\"section\" data-settings=\"{&quot;item_margin&quot;:0}\">\r\n\t\t\r\n\t\t\t\t\t\t\t<div class=\"elementor-container elementor-column-gap-no porto-carousel owl-carousel has-ccols nav-pos-inside nav-style-3 ccols-1 bg-color-grey-scale-1 pt-5 pb-4 nav-sm stage-margin\" data-plugin-options=\"{&quot;margin&quot;:0,&quot;items&quot;:1,&quot;nav&quot;:true,&quot;dots&quot;:false,&quot;loop&quot;:false,&quot;mouseDrag&quot;:true,&quot;touchDrag&quot;:true,&quot;themeConfig&quot;:true,&quot;autoplay&quot;:false,&quot;stagePadding&quot;:48}\">\r\n\t\t\t\t\t\t\t\t\t\t\t<div class=\"elementor-column elementor-col-50 elementor-inner-column elementor-element elementor-element-014d32f\" data-id=\"014d32f\" data-element_type=\"column\">\r\n\t\t\t\t\t<div class=\"elementor-widget-wrap elementor-element-populated\">\r\n\t\t\t\t\t\t\t\t<div class=\"elementor-element elementor-element-c60b4be px-sm-5 mb-1 elementor-widget elementor-widget-porto_info_box\" data-id=\"c60b4be\" data-element_type=\"widget\" data-widget_type=\"porto_info_box.default\">\n\t\t\t\t<div class=\"elementor-widget-container\">\n\t\t\t<div class=\"porto-sicon-box style_1 top-icon\"><div class=\"porto-sicon-header\"><h3 class=\"porto-sicon-title\" style=\"\">Alejandro Adames Lockward<\/h3><p >Ceo y Fundador.<\/p><\/div> <!-- header --><div class=\"porto-sicon-description\" style=\"\" ><div class=\"page\" title=\"Page 8\"><div class=\"section\"><div class=\"layoutArea\"><div class=\"column\"><p>Nuestro fundador inicio esta compan\u0303i\u0301a en el an\u0303o 2008, con la visio\u0301n de crear oportunidades para el mercado del disen\u0303o, el desarrollo de proyecto y la construccio\u0301n, en el municipio de las terrenas.<\/p><\/div><div class=\"page\" title=\"Page 8\"><div class=\"section\"><div class=\"layoutArea\"><div class=\"column\"><p>Con mas de 18 an\u0303os de experiencia en el sector constructivo y de disen\u0303o, ha creado una institucio\u0301n li\u0301der en el a\u0301rea. Teniendo siempre el objetivo de llegar a la solucio\u0301n optima y a la satisfaccio\u0301n de las necesidades de sus inversionistas.<\/p><\/div><\/div><\/div><\/div><\/div><\/div><\/div><\/div> <!-- description --><\/div><!-- porto-sicon-box -->\t\t<\/div>\n\t\t\t\t<\/div>\n\t\t\t\t\t<\/div>\r\n\t\t\t\t<\/div>\r\n\t\t\t\t<div class=\"elementor-column elementor-col-50 elementor-inner-column elementor-element elementor-element-c9fc8fb\" data-id=\"c9fc8fb\" data-element_type=\"column\">\r\n\t\t\t\t\t<div class=\"elementor-widget-wrap\">\r\n\t\t\t\t\t\t\t\t\t<\/div>\r\n\t\t\t\t<\/div>\r\n\t\t\t\t\t<\/div>\r\n\t\t\t\t<\/div>\r\n\t\t\t\t<div class=\"elementor-element elementor-element-9960b5a my-4 elementor-widget elementor-widget-heading\" data-id=\"9960b5a\" data-element_type=\"widget\" id=\"mission-vision\" data-widget_type=\"heading.default\">\n\t\t\t\t<div class=\"elementor-widget-container\">\n\t\t\t<h2 class=\"elementor-heading-title elementor-size-default\"> VALOR EMPRESARIAL<\/h2>\t\t<\/div>\n\t\t\t\t<\/div>\n\t\t\t\t<div class=\"elementor-element elementor-element-cbcb4f3 elementor-tabs-view-horizontal elementor-widget elementor-widget-tabs\" data-id=\"cbcb4f3\" data-element_type=\"widget\" data-widget_type=\"tabs.default\">\n\t\t\t\t<div class=\"elementor-widget-container\">\n\t\t\t<style>.elementor-widget-tabs.elementor-tabs-view-vertical .elementor-tabs-wrapper{width:25%;flex-shrink:0}.elementor-widget-tabs.elementor-tabs-view-vertical .elementor-tab-desktop-title.elementor-active{border-right-style:none}.elementor-widget-tabs.elementor-tabs-view-vertical .elementor-tab-desktop-title.elementor-active:after,.elementor-widget-tabs.elementor-tabs-view-vertical .elementor-tab-desktop-title.elementor-active:before{height:999em;width:0;right:0;border-right-style:solid}.elementor-widget-tabs.elementor-tabs-view-vertical .elementor-tab-desktop-title.elementor-active:before{top:0;transform:translateY(-100%)}.elementor-widget-tabs.elementor-tabs-view-vertical .elementor-tab-desktop-title.elementor-active:after{top:100%}.elementor-widget-tabs.elementor-tabs-view-horizontal .elementor-tab-desktop-title{display:table-cell}.elementor-widget-tabs.elementor-tabs-view-horizontal .elementor-tab-desktop-title.elementor-active{border-bottom-style:none}.elementor-widget-tabs.elementor-tabs-view-horizontal .elementor-tab-desktop-title.elementor-active:after,.elementor-widget-tabs.elementor-tabs-view-horizontal .elementor-tab-desktop-title.elementor-active:before{bottom:0;height:0;width:999em;border-bottom-style:solid}.elementor-widget-tabs.elementor-tabs-view-horizontal .elementor-tab-desktop-title.elementor-active:before{right:100%}.elementor-widget-tabs.elementor-tabs-view-horizontal .elementor-tab-desktop-title.elementor-active:after{left:100%}.elementor-widget-tabs .elementor-tab-content,.elementor-widget-tabs .elementor-tab-title,.elementor-widget-tabs .elementor-tab-title:after,.elementor-widget-tabs .elementor-tab-title:before,.elementor-widget-tabs .elementor-tabs-content-wrapper{border:1px #d5d8dc}.elementor-widget-tabs .elementor-tabs{text-align:left}.elementor-widget-tabs .elementor-tabs-wrapper{overflow:hidden}.elementor-widget-tabs .elementor-tab-title{cursor:pointer;outline:var(--focus-outline,none)}.elementor-widget-tabs .elementor-tab-desktop-title{position:relative;padding:20px 25px;font-weight:700;line-height:1;border:solid transparent}.elementor-widget-tabs .elementor-tab-desktop-title.elementor-active{border-color:#d5d8dc}.elementor-widget-tabs .elementor-tab-desktop-title.elementor-active:after,.elementor-widget-tabs .elementor-tab-desktop-title.elementor-active:before{display:block;content:\"\";position:absolute}.elementor-widget-tabs .elementor-tab-desktop-title:focus-visible{border:1px solid #000}.elementor-widget-tabs .elementor-tab-mobile-title{padding:10px;cursor:pointer}.elementor-widget-tabs .elementor-tab-content{padding:20px;display:none}@media (max-width:767px){.elementor-tabs .elementor-tab-content,.elementor-tabs .elementor-tab-title{border-style:solid solid none}.elementor-tabs .elementor-tabs-wrapper{display:none}.elementor-tabs .elementor-tabs-content-wrapper{border-bottom-style:solid}.elementor-tabs .elementor-tab-content{padding:10px}}@media (min-width:768px){.elementor-widget-tabs.elementor-tabs-view-vertical .elementor-tabs{display:flex}.elementor-widget-tabs.elementor-tabs-view-vertical .elementor-tabs-wrapper{flex-direction:column}.elementor-widget-tabs.elementor-tabs-view-vertical .elementor-tabs-content-wrapper{flex-grow:1;border-style:solid solid solid none}.elementor-widget-tabs.elementor-tabs-view-horizontal .elementor-tab-content{border-style:none solid solid}.elementor-widget-tabs.elementor-tabs-alignment-center .elementor-tabs-wrapper,.elementor-widget-tabs.elementor-tabs-alignment-end .elementor-tabs-wrapper,.elementor-widget-tabs.elementor-tabs-alignment-stretch .elementor-tabs-wrapper{display:flex}.elementor-widget-tabs.elementor-tabs-alignment-center .elementor-tabs-wrapper{justify-content:center}.elementor-widget-tabs.elementor-tabs-alignment-end .elementor-tabs-wrapper{justify-content:flex-end}.elementor-widget-tabs.elementor-tabs-alignment-stretch.elementor-tabs-view-horizontal .elementor-tab-title{width:100%}.elementor-widget-tabs.elementor-tabs-alignment-stretch.elementor-tabs-view-vertical .elementor-tab-title{height:100%}.elementor-tabs .elementor-tab-mobile-title{display:none}}<\/style>\t\t<div class=\"elementor-tabs\">\n\t\t\t<div class=\"elementor-tabs-wrapper\" role=\"tablist\" >\n\t\t\t\t\t\t\t\t\t<div id=\"elementor-tab-title-2131\" class=\"elementor-tab-title elementor-tab-desktop-title\" aria-selected=\"true\" data-tab=\"1\" role=\"tab\" tabindex=\"0\" aria-controls=\"elementor-tab-content-2131\" aria-expanded=\"false\">INTEGRIDAD.<\/div>\n\t\t\t\t\t\t\t\t\t<div id=\"elementor-tab-title-2132\" class=\"elementor-tab-title elementor-tab-desktop-title\" aria-selected=\"false\" data-tab=\"2\" role=\"tab\" tabindex=\"-1\" aria-controls=\"elementor-tab-content-2132\" aria-expanded=\"false\">INNOVACION<\/div>\n\t\t\t\t\t\t\t\t\t<div id=\"elementor-tab-title-2133\" class=\"elementor-tab-title elementor-tab-desktop-title\" aria-selected=\"false\" data-tab=\"3\" role=\"tab\" tabindex=\"-1\" aria-controls=\"elementor-tab-content-2133\" aria-expanded=\"false\">TRABAJO EN EQUIPO<\/div>\n\t\t\t\t\t\t\t<\/div>\n\t\t\t<div class=\"elementor-tabs-content-wrapper\" role=\"tablist\" aria-orientation=\"vertical\">\n\t\t\t\t\t\t\t\t\t<div class=\"elementor-tab-title elementor-tab-mobile-title\" aria-selected=\"true\" data-tab=\"1\" role=\"tab\" tabindex=\"0\" aria-controls=\"elementor-tab-content-2131\" aria-expanded=\"false\">INTEGRIDAD.<\/div>\n\t\t\t\t\t<div id=\"elementor-tab-content-2131\" class=\"elementor-tab-content elementor-clearfix\" data-tab=\"1\" role=\"tabpanel\" aria-labelledby=\"elementor-tab-title-2131\" tabindex=\"0\" hidden=\"false\">\nSomos una empresa caracterizada por la estructura comercial y de manejo adecuando con nuestros clientes.\n<\/div>\n\t\t\t\t\t\t\t\t\t<div class=\"elementor-tab-title elementor-tab-mobile-title\" aria-selected=\"false\" data-tab=\"2\" role=\"tab\" tabindex=\"-1\" aria-controls=\"elementor-tab-content-2132\" aria-expanded=\"false\">INNOVACION<\/div>\n\t\t\t\t\t<div id=\"elementor-tab-content-2132\" class=\"elementor-tab-content elementor-clearfix\" data-tab=\"2\" role=\"tabpanel\" aria-labelledby=\"elementor-tab-title-2132\" tabindex=\"0\" hidden=\"hidden\">En nuestra empresa 2 destacamos por trabajar a la vanguardia del mercado de disen\u0303o y construccio\u0301n.<\/div>\n\t\t\t\t\t\t\t\t\t<div class=\"elementor-tab-title elementor-tab-mobile-title\" aria-selected=\"false\" data-tab=\"3\" role=\"tab\" tabindex=\"-1\" aria-controls=\"elementor-tab-content-2133\" aria-expanded=\"false\">TRABAJO EN EQUIPO<\/div>\n\t\t\t\t\t<div id=\"elementor-tab-content-2133\" class=\"elementor-tab-content elementor-clearfix\" data-tab=\"3\" role=\"tabpanel\" aria-labelledby=\"elementor-tab-title-2133\" tabindex=\"0\" hidden=\"hidden\">Trabajamos en conjunto con nuestros inversionistas, para obtener el resultado deseado por nuestros clientes\n<\/div>\n\t\t\t\t\t\t\t<\/div>\n\t\t<\/div>\n\t\t\t\t<\/div>\n\t\t\t\t<\/div>\n\t\t\t\t<div class=\"elementor-element elementor-element-a68f4c2 mb-3 elementor-widget elementor-widget-heading\" data-id=\"a68f4c2\" data-element_type=\"widget\" id=\"leadership\" data-widget_type=\"heading.default\">\n\t\t\t\t<div class=\"elementor-widget-container\">\n\t\t\t<h2 class=\"elementor-heading-title elementor-size-default\">Liderazgo<\/h2>\t\t<\/div>\n\t\t\t\t<\/div>\n\t\t\t\t<div class=\"elementor-section elementor-inner-section elementor-element elementor-element-33ebbdc members mb-3 elementor-section-boxed elementor-section-height-default elementor-section-height-default\" data-id=\"33ebbdc\" data-element_type=\"section\">\r\n\t\t\r\n\t\t\t\t\t\t\t<div class=\"elementor-container elementor-column-gap-default\">\r\n\t\t\t\t\t\t\t\t\t\t\t<div class=\"elementor-column elementor-col-50 elementor-inner-column elementor-element elementor-element-9622523\" data-id=\"9622523\" data-element_type=\"column\">\r\n\t\t\t\t\t<div class=\"elementor-widget-wrap elementor-element-populated\">\r\n\t\t\t\t\t\t\t\t<div class=\"elementor-element elementor-element-6a9ba7a mb-4 elementor-widget elementor-widget-porto_info_box\" data-id=\"6a9ba7a\" data-element_type=\"widget\" data-widget_type=\"porto_info_box.default\">\n\t\t\t\t<div class=\"elementor-widget-container\">\n\t\t\t<div class=\"porto-sicon-box style_1 top-icon\"><div class=\"porto-sicon-top\"><div id=\"porto-icon-211140974669f518f4451e7\" class=\"porto-just-icon-wrapper porto-sicon-img\" style=\"margin-bottom:2.25rem;\"><img decoding=\"async\" class=\"img-icon\" alt=\"\" src=\"http:\/\/adameslockwardal.com.previewc75.carrierzone.com\/wp-content\/uploads\/2024\/03\/ALEJANDRO.png\" width=\"152\" height=\"162\" \/><\/div><\/div><div class=\"porto-sicon-header\"><h3 class=\"porto-sicon-title\" style=\"\">ALEJANDRO ADAMES LOCKWARD<\/h3><p >Presidente<\/p><\/div> <!-- header --><div class=\"porto-sicon-description\" style=\"\" ><p>Nuestro fundador inicio esta compan\u0303i\u0301a en el an\u0303o 2008, con la visio\u0301n de crear oportunidades para el mercado del disen\u0303o, el desarrollo de proyecto y la construccio\u0301n, en el municipio de las terrenas.<\/p><p>\u00a0<\/p><\/div> <!-- description --><\/div><!-- porto-sicon-box -->\t\t<\/div>\n\t\t\t\t<\/div>\n\t\t\t\t\t<\/div>\r\n\t\t\t\t<\/div>\r\n\t\t\t\t<div class=\"elementor-column elementor-col-50 elementor-inner-column elementor-element elementor-element-d706c0e\" data-id=\"d706c0e\" data-element_type=\"column\">\r\n\t\t\t\t\t<div class=\"elementor-widget-wrap elementor-element-populated\">\r\n\t\t\t\t\t\t\t\t<div class=\"elementor-element elementor-element-776d17e mb-4 elementor-widget elementor-widget-porto_info_box\" data-id=\"776d17e\" data-element_type=\"widget\" data-widget_type=\"porto_info_box.default\">\n\t\t\t\t<div class=\"elementor-widget-container\">\n\t\t\t<div class=\"porto-sicon-box style_1 top-icon\"><div class=\"porto-sicon-top\"><div id=\"porto-icon-164126449969f518f445f53\" class=\"porto-just-icon-wrapper porto-sicon-img\" style=\"margin-bottom:2.25rem;\"><img decoding=\"async\" class=\"img-icon\" alt=\"\" src=\"http:\/\/adameslockwardal.com.previewc75.carrierzone.com\/wp-content\/uploads\/2024\/03\/ESPERANZA.png\" width=\"122\" height=\"164\" \/><\/div><\/div><div class=\"porto-sicon-header\"><h3 class=\"porto-sicon-title\" style=\"\">Arq. Esperanza Sa\u0301nchez<\/h3><p >Subgerente administrativo.\u00a0<\/p><\/div> <!-- header --><div class=\"porto-sicon-description\" style=\"\" ><p>Encargada de la administracio\u0301n de las obras, manejo de oficina en conjunto con el administrador, velando por el manejo adecuado de los procesos administrativos pertinentes a la ejecucio\u0301n de cada proyecto.<\/p><\/div> <!-- description --><\/div><!-- porto-sicon-box -->\t\t<\/div>\n\t\t\t\t<\/div>\n\t\t\t\t\t<\/div>\r\n\t\t\t\t<\/div>\r\n\t\t\t\t\t<\/div>\r\n\t\t\t\t<\/div>\r\n\t\t\t\t\t<\/div>\r\n\t\t\t\t<\/div>\r\n\t\t\t\t\t<\/div>\r\n\t\t\t\t<\/section>\r\n\t\t\t\t<section class=\"porto-full-no-gap elementor-section elementor-top-section elementor-element elementor-element-c769297 elementor-section-full_width elementor-section-height-default elementor-section-height-default\" data-id=\"c769297\" data-element_type=\"section\" data-settings=\"{&quot;background_background&quot;:&quot;classic&quot;}\">\r\n\t\t\r\n\t\t\t\t\t\t\t<div class=\"elementor-container elementor-column-gap-no\">\r\n\t\t\t\t\t\t\t\t\t\t\t<div class=\"elementor-column elementor-col-50 elementor-top-column elementor-element elementor-element-05dbc98 process-wrapper pb-5\" data-id=\"05dbc98\" data-element_type=\"column\" data-settings=\"{&quot;background_background&quot;:&quot;classic&quot;}\">\r\n\t\t\t\t\t<div class=\"elementor-widget-wrap elementor-element-populated\">\r\n\t\t\t\t\t\t\t\t<div class=\"elementor-element elementor-element-a14aa22 elementor-widget elementor-widget-heading\" data-id=\"a14aa22\" data-element_type=\"widget\" data-widget_type=\"heading.default\">\n\t\t\t\t<div class=\"elementor-widget-container\">\n\t\t\t<h3 class=\"elementor-heading-title elementor-size-default\"><b>PERSONAL<\/b> \n ADMINISTRATIVO<\/h3>\t\t<\/div>\n\t\t\t\t<\/div>\n\t\t\t\t<div class=\"elementor-element elementor-element-969f976 mb-5 py-4 elementor-widget elementor-widget-porto_steps\" data-id=\"969f976\" data-element_type=\"widget\" data-widget_type=\"porto_steps.default\">\n\t\t\t\t<div class=\"elementor-widget-container\">\n\t\t\t<div class=\"porto-process\"><div class=\"process-step\"><div class=\"process-step-circle\"><strong class=\"process-step-circle-content\">1<\/strong><\/div><div class=\"process-step-content\"><h4 class=\"step-item-title\">Subgerente administrativo. Arq. Esperanza S\u00e1nchez<\/h4><div class=\"process-step-desc\"><p>Encargada de la administracio\u0301n de las obras, manejo de oficina en conjunto con el administrador, velando por el manejo adecuado de los procesos administrativos pertinentes a la ejecucio\u0301n de cada proyecto.<\/p><\/div><\/div><\/div><div class=\"process-step\"><div class=\"process-step-circle\"><strong class=\"process-step-circle-content\">2<\/strong><\/div><div class=\"process-step-content\"><h4 class=\"step-item-title\">Asistente ejecutiva. Lic. Ybelise Calder\u00f3n<\/h4><div class=\"process-step-desc\">Responsable de la entrada a la informacio\u0301n de los inversores, pago de gastos y servicios. Seguimiento de los contratistas internos y externos de la compan\u0303i\u0301a.<\/div><\/div><\/div><div class=\"process-step\"><div class=\"process-step-circle\"><strong class=\"process-step-circle-content\">3<\/strong><\/div><div class=\"process-step-content\"><h4 class=\"step-item-title\">Gerente de contabilidad. Lic. Domingo Minaya<\/h4><div class=\"process-step-desc\"><p>Encargado de nuestra contabilidad interna, pago de facturas y nominas, responsable de presentar nuestra declaraci\u00f3n de impuesto ante el estado<\/p><\/div><\/div><\/div><\/div>\t\t<\/div>\n\t\t\t\t<\/div>\n\t\t\t\t\t<\/div>\r\n\t\t\t\t<\/div>\r\n\t\t\t\t<div class=\"elementor-column elementor-col-50 elementor-top-column elementor-element elementor-element-0623a38 parallax-bg z-index-1 elementor-hidden-mobile\" data-id=\"0623a38\" data-element_type=\"column\" data-settings=\"{&quot;background_background&quot;:&quot;classic&quot;}\">\r\n\t\t\t\t\t<div data-plugin-parallax=\"\" data-plugin-options=\"{&quot;speed&quot;: 1.2}\" class=\"elementor-widget-wrap\">\r\n\t\t\t\t\t\t\t\t\t<\/div>\r\n\t\t\t\t<\/div>\r\n\t\t\t\t\t<\/div>\r\n\t\t\t\t<\/section>\r\n\t\t\t\t<section class=\"porto-full-no-gap elementor-section elementor-top-section elementor-element elementor-element-e7523e2 elementor-section-full_width elementor-section-height-default elementor-section-height-default\" data-id=\"e7523e2\" data-element_type=\"section\" data-settings=\"{&quot;background_background&quot;:&quot;classic&quot;}\">\r\n\t\t\r\n\t\t\t\t\t\t\t<div class=\"elementor-container elementor-column-gap-no\">\r\n\t\t\t\t\t\t\t\t\t\t\t<div class=\"elementor-column elementor-col-50 elementor-top-column elementor-element elementor-element-2608f78 parallax-bg z-index-1 elementor-hidden-mobile\" data-id=\"2608f78\" data-element_type=\"column\" data-settings=\"{&quot;background_background&quot;:&quot;classic&quot;}\">\r\n\t\t\t\t\t<div data-plugin-parallax=\"\" data-plugin-options=\"{&quot;speed&quot;: 1.2}\" class=\"elementor-widget-wrap\">\r\n\t\t\t\t\t\t\t\t\t<\/div>\r\n\t\t\t\t<\/div>\r\n\t\t\t\t<div class=\"elementor-column elementor-col-50 elementor-top-column elementor-element elementor-element-834f3ef process-wrapper pb-5\" data-id=\"834f3ef\" data-element_type=\"column\" data-settings=\"{&quot;background_background&quot;:&quot;classic&quot;}\">\r\n\t\t\t\t\t<div class=\"elementor-widget-wrap elementor-element-populated\">\r\n\t\t\t\t\t\t\t\t<div class=\"elementor-element elementor-element-59e0a87 elementor-widget elementor-widget-heading\" data-id=\"59e0a87\" data-element_type=\"widget\" data-widget_type=\"heading.default\">\n\t\t\t\t<div class=\"elementor-widget-container\">\n\t\t\t<h3 class=\"elementor-heading-title elementor-size-default\"><b>DEPARTAMENTO DE DISE\u00d1O <\/b> \nY TRAMITACION DE PROYECTOS.<\/h3>\t\t<\/div>\n\t\t\t\t<\/div>\n\t\t\t\t<div class=\"elementor-element elementor-element-c0fa3d9 elementor-widget elementor-widget-text-editor\" data-id=\"c0fa3d9\" data-element_type=\"widget\" data-widget_type=\"text-editor.default\">\n\t\t\t\t<div class=\"elementor-widget-container\">\n\t\t\t\t\t\t\tLos contratistas a cargo del taller de arquitectura tienen la responsabilidad de dar vida a la idea de nuestros clientes con el desarrollo de sus proyectos. Dise\u00f1ando y elaborando los planos arquitect\u00f3nicos y t\u00e9cnicos para ser sometidos al proceso de tramitaci\u00f3n.\t\t\t\t\t\t<\/div>\n\t\t\t\t<\/div>\n\t\t\t\t<div class=\"elementor-element elementor-element-b89624c mb-5 py-4 elementor-widget elementor-widget-porto_steps\" data-id=\"b89624c\" data-element_type=\"widget\" data-widget_type=\"porto_steps.default\">\n\t\t\t\t<div class=\"elementor-widget-container\">\n\t\t\t<div class=\"porto-process\"><div class=\"process-step\"><div class=\"process-step-circle\"><strong class=\"process-step-circle-content\">1<\/strong><\/div><div class=\"process-step-content\"><h4 class=\"step-item-title\">Director del taller de arquitectura . Arq. Francis Gratereaux.<\/h4><div class=\"process-step-desc\">Nuestro contratista encargado de dise\u00f1o y supervisi\u00f3n de taller arquitect\u00f3nico para las diversas fases del desarrollo de proyectos\n<\/div><\/div><\/div><div class=\"process-step\"><div class=\"process-step-circle\"><strong class=\"process-step-circle-content\">2<\/strong><\/div><div class=\"process-step-content\"><h4 class=\"step-item-title\">Directora de tramitaci\u00f3n y legalizaci\u00f3n de proyectos. Arq. Esperanza S\u00e1nchez<\/h4><div class=\"process-step-desc\">Como encargada de tramitaci\u00f3n de proyectos, tiene la responsabilidad de preparar todos los documentos, cartas y formularios necesarios para dicho proceso y obtener las no objeciones, permisos y licencias, de cada instituci\u00f3n.<\/div><\/div><\/div><div class=\"process-step\"><div class=\"process-step-circle\"><strong class=\"process-step-circle-content\">3<\/strong><\/div><div class=\"process-step-content\"><h4 class=\"step-item-title\">Dise\u00f1ador del taller. Arq. Carlos fr\u00edas.<\/h4><div class=\"process-step-desc\">Contratista multifac\u00e9tico encargado de desarrollar dise\u00f1os arquitect\u00f3nicos, volumetr\u00edas en 3D, trabajando en la vanguardia del mercado del dise\u00f1o<\/div><\/div><\/div><div class=\"process-step\"><div class=\"process-step-circle\"><strong class=\"process-step-circle-content\">4<\/strong><\/div><div class=\"process-step-content\"><h4 class=\"step-item-title\">Dise\u00f1ador del taller.  Arq. Juan Ricardo Frohling.<\/h4><div class=\"process-step-desc\">Contratista encargado de desarrollar dise\u00f1os arquitect\u00f3nicos, modelado en 3D, trabajando en la vanguardia del mercado del renderizado.<\/div><\/div><\/div><div class=\"process-step\"><div class=\"process-step-circle\"><strong class=\"process-step-circle-content\">5<\/strong><\/div><div class=\"process-step-content\"><h4 class=\"step-item-title\">Pasante del taller de arquitectura. Arq. Ianka Montas.<\/h4><div class=\"process-step-desc\"><p>Nuestros pasantes son parte del programa del taller de arquitectura, en donde, est\u00e1n involucrados en el desarrollo de proyectos arquitect\u00f3nicos.<\/p><\/div><\/div><\/div><\/div>\t\t<\/div>\n\t\t\t\t<\/div>\n\t\t\t\t\t<\/div>\r\n\t\t\t\t<\/div>\r\n\t\t\t\t\t<\/div>\r\n\t\t\t\t<\/section>\r\n\t\t\t\t<section class=\"porto-full-no-gap elementor-section elementor-top-section elementor-element elementor-element-f69fd7b elementor-section-full_width elementor-section-height-default elementor-section-height-default\" data-id=\"f69fd7b\" data-element_type=\"section\" data-settings=\"{&quot;background_background&quot;:&quot;classic&quot;}\">\r\n\t\t\r\n\t\t\t\t\t\t\t<div class=\"elementor-container elementor-column-gap-no\">\r\n\t\t\t\t\t\t\t\t\t\t\t<div class=\"elementor-column elementor-col-50 elementor-top-column elementor-element elementor-element-f6fc29c process-wrapper pb-5\" data-id=\"f6fc29c\" data-element_type=\"column\" data-settings=\"{&quot;background_background&quot;:&quot;classic&quot;}\">\r\n\t\t\t\t\t<div class=\"elementor-widget-wrap elementor-element-populated\">\r\n\t\t\t\t\t\t\t\t<div class=\"elementor-element elementor-element-5c827eb elementor-widget elementor-widget-heading\" data-id=\"5c827eb\" data-element_type=\"widget\" data-widget_type=\"heading.default\">\n\t\t\t\t<div class=\"elementor-widget-container\">\n\t\t\t<h3 class=\"elementor-heading-title elementor-size-default\"><b>DEPARTAMENTO<\/b> \n DE INGENIERIA<\/h3>\t\t<\/div>\n\t\t\t\t<\/div>\n\t\t\t\t<div class=\"elementor-element elementor-element-f6c13ab mb-5 py-4 elementor-widget elementor-widget-porto_steps\" data-id=\"f6c13ab\" data-element_type=\"widget\" data-widget_type=\"porto_steps.default\">\n\t\t\t\t<div class=\"elementor-widget-container\">\n\t\t\t<div class=\"porto-process\"><div class=\"process-step\"><div class=\"process-step-circle\"><strong class=\"process-step-circle-content\">1<\/strong><\/div><div class=\"process-step-content\"><h4 class=\"step-item-title\">Directora de ingenier\u00eda. Ing. Josefina Mart\u00ednez<\/h4><div class=\"process-step-desc\">Contratista encargada de evaluar el dise\u00f1o estructural, sanitario y el\u00e9ctrico de cada proyecto. Programaci\u00f3n y prefijaci\u00f3n de la ejecuci\u00f3n de obras. Elaboraci\u00f3n de presupuestos en conjunto con los dem\u00e1s colaboradores.<\/div><\/div><\/div><div class=\"process-step\"><div class=\"process-step-circle\"><strong class=\"process-step-circle-content\">2<\/strong><\/div><div class=\"process-step-content\"><h4 class=\"step-item-title\">Supervisor de campo. Ing. Joan Mart\u00ednez.<\/h4><div class=\"process-step-desc\">Nuestros contratistas encargados de supervisar las obras en campo al momento de su ejecuci\u00f3n, tienen la responsabilidad de emitir un informe diario de las tareas realizadas, bit\u00e1coras registradas en obra.<\/div><\/div><\/div><div class=\"process-step\"><div class=\"process-step-circle\"><strong class=\"process-step-circle-content\">3<\/strong><\/div><div class=\"process-step-content\"><h4 class=\"step-item-title\">Ingeniero Residente. Ing. \u00c1mbar M\u00e9ndez<\/h4><div class=\"process-step-desc\">Contratista encargada de residir en la constante supervisi\u00f3n de la ejecuci\u00f3n de las obras en desarrollo.<\/div><\/div><\/div><div class=\"process-step\"><div class=\"process-step-circle\"><strong class=\"process-step-circle-content\">4<\/strong><\/div><div class=\"process-step-content\"><h4 class=\"step-item-title\">Control de calidad. Luis Ramos.<\/h4><div class=\"process-step-desc\"><p>Arquitecto encargado de supervisar la correcta ejecuci\u00f3n de obras y la terminaci\u00f3n de la misma.<\/p><p>Consultor en materia de urbanismo, estructuras civiles y dise\u00f1os.<\/p><\/div><\/div><\/div><\/div>\t\t<\/div>\n\t\t\t\t<\/div>\n\t\t\t\t\t<\/div>\r\n\t\t\t\t<\/div>\r\n\t\t\t\t<div class=\"elementor-column elementor-col-50 elementor-top-column elementor-element elementor-element-091e494 parallax-bg z-index-1 elementor-hidden-mobile\" data-id=\"091e494\" data-element_type=\"column\" data-settings=\"{&quot;background_background&quot;:&quot;classic&quot;}\">\r\n\t\t\t\t\t<div data-plugin-parallax=\"\" data-plugin-options=\"{&quot;speed&quot;: 1}\" class=\"elementor-widget-wrap\">\r\n\t\t\t\t\t\t\t\t\t<\/div>\r\n\t\t\t\t<\/div>\r\n\t\t\t\t\t<\/div>\r\n\t\t\t\t<\/section>\r\n\t\t\t\t<\/div>\n\t\t","protected":false},"excerpt":{"rendered":"<p>Quienes somos ADAMES LOCKWARD E.I.R.L. Somos una empresa conformada con el objetivo de prestar todos los servicios necesarios para la gesti\u00f3n integral de proyectos arquitect\u00f3nicos y de construcci\u00f3n, edificaci\u00f3n y urbanizaci\u00f3n.Nuestra trayectoria en el mercado del dise\u00f1o y constructivos, se ha destacado por el desarrollo de proyectos con pulcritud y cumpliendo todas las necesidades de [&hellip;]<\/p>\n","protected":false},"author":1,"featured_media":3705,"parent":0,"menu_order":0,"comment_status":"closed","ping_status":"closed","template":"","meta":{"content-type":"","footnotes":""},"class_list":["post-24","page","type-page","status-publish","has-post-thumbnail","hentry"],"_links":{"self":[{"href":"http:\/\/adameslockwardal.com.previewc75.carrierzone.com\/index.php?rest_route=\/wp\/v2\/pages\/24","targetHints":{"allow":["GET"]}}],"collection":[{"href":"http:\/\/adameslockwardal.com.previewc75.carrierzone.com\/index.php?rest_route=\/wp\/v2\/pages"}],"about":[{"href":"http:\/\/adameslockwardal.com.previewc75.carrierzone.com\/index.php?rest_route=\/wp\/v2\/types\/page"}],"author":[{"embeddable":true,"href":"http:\/\/adameslockwardal.com.previewc75.carrierzone.com\/index.php?rest_route=\/wp\/v2\/users\/1"}],"replies":[{"embeddable":true,"href":"http:\/\/adameslockwardal.com.previewc75.carrierzone.com\/index.php?rest_route=%2Fwp%2Fv2%2Fcomments&post=24"}],"version-history":[{"count":58,"href":"http:\/\/adameslockwardal.com.previewc75.carrierzone.com\/index.php?rest_route=\/wp\/v2\/pages\/24\/revisions"}],"predecessor-version":[{"id":4018,"href":"http:\/\/adameslockwardal.com.previewc75.carrierzone.com\/index.php?rest_route=\/wp\/v2\/pages\/24\/revisions\/4018"}],"wp:featuredmedia":[{"embeddable":true,"href":"http:\/\/adameslockwardal.com.previewc75.carrierzone.com\/index.php?rest_route=\/wp\/v2\/media\/3705"}],"wp:attachment":[{"href":"http:\/\/adameslockwardal.com.previewc75.carrierzone.com\/index.php?rest_route=%2Fwp%2Fv2%2Fmedia&parent=24"}],"curies":[{"name":"wp","href":"https:\/\/api.w.org\/{rel}","templated":true}]}}